{"id":1691,"date":"2012-03-15T09:35:08","date_gmt":"2012-03-15T08:35:08","guid":{"rendered":"https:\/\/mcottis.com\/?page_id=1691"},"modified":"2012-03-29T14:37:11","modified_gmt":"2012-03-29T13:37:11","slug":"architektura-krajobrazu","status":"publish","type":"page","link":"https:\/\/mcottis.com\/?page_id=1691","title":{"rendered":"<!--:pl-->Architektura krajobrazu<!--:-->"},"content":{"rendered":"<p><!--:pl--><strong>Architektura krajobraz oraz aran\u017cacja i projektowanie ogrodu<\/strong> \u2013 \u0142\u0105czy funkcjonalno\u015bci i nowoczesno\u015b\u0107 z proekologicznym przes\u0142aniem. Ziele\u0144 umila \u017cycie i w tym tkwi jej i nasza si\u0142a. Si\u0142a zieleni sprawia, \u017ce pragniemy by\u0107 ca\u0142y czas w jej otoczeniu. <\/p>\n<div class='gdl-image-frame'><a href='https:\/\/mcottis.com\/wp-content\/uploads\/2012\/03\/image001.jpg' rel='prettyPhoto'  title='' ><img src='https:\/\/mcottis.com\/wp-content\/uploads\/2012\/03\/image001.jpg' width='auto' height='200px' alt='' \/><\/a><\/div>\n<div class='gdl-image-frame'><a href='https:\/\/mcottis.com\/wp-content\/uploads\/2012\/03\/image002.jpg' rel='prettyPhoto'  title='' ><img src='https:\/\/mcottis.com\/wp-content\/uploads\/2012\/03\/image002.jpg' width='auto' height='200px' alt='' \/><\/a><\/div>\n<p> Kompozycje naturalne i sztuczne, ziele\u0144 wewn\u0119trzna i zewn\u0119trzna: systematycznie badamy spo\u0142eczne, ekologiczne i geologiczne warunki i procesy zachodz\u0105ce w otaczaj\u0105cym nas krajobrazie. W rezultacie powstaje produkt, kt\u00f3ry wytwarza po\u017c\u0105dany efekt. <\/p>\n<div class='gdl-image-frame'><a href='https:\/\/mcottis.com\/wp-content\/uploads\/2012\/03\/image003.jpg' rel='prettyPhoto'  title='' ><img src='https:\/\/mcottis.com\/wp-content\/uploads\/2012\/03\/image003.jpg' width='auto' height='200px' alt='' \/><\/a><\/div>\n<div class='gdl-image-frame'><a href='https:\/\/mcottis.com\/wp-content\/uploads\/2012\/03\/image004.png' rel='prettyPhoto'  title='' ><img src='https:\/\/mcottis.com\/wp-content\/uploads\/2012\/03\/image004.png' width='auto' height='200px' alt='' \/><\/a><\/div>\n<p> <strong>Nasze materia\u0142y<\/strong>Zajmujemy si\u0119 g\u0142\u00f3wnie dostaw\u0105 materia\u0142\u00f3w drewnianych krajobrazowych, kt\u00f3re s\u0105 podstawowymi elementami sk\u0142adowymi ogrodu:<\/p>\n<ul>\n<li>Podk\u0142ady kolejowe &#8211; na dramatycznie podniesione pod\u0142\u00f3\u017ca, staw\u00f3w, dr\u00f3g, schody, fotele,<\/li>\n<li>S\u0142upy telegraficzne &#8211; na oznakowanie stanowiska granic, hu\u015btawki, domki na drzewie<\/li>\n<li>Mierzwa zr\u0119bk\u00f3w drzewnych &#8211; na \u015bcie\u017ckach, w sadach, w kwietnikach, na placach zabaw<\/li>\n<li>K\u0142ody &#8211; na stopnie-kamieni, siedzenia, figurki przyrodnicze oraz na spalanie!<\/li>\n<\/ul>\n<p><strong>PODK\u0141ADY KOLEJOWE:<\/strong> Podk\u0142ady kolejowe wykonane s\u0105 z wysokiej jako\u015bci drewna. Charakteryzuj\u0105 si\u0119 niesamowit\u0105 trwa\u0142o\u015bci\u0105 i wytrzyma\u0142o\u015bci\u0105 na czyniki pogodowe. Drewno to jest specjalnie konserwowane. Odpowiednia konserwacja sprawi\u0142a, \u017ce nawet po wycofaniu z u\u017cytku podk\u0142ady mog\u0105 by\u0107 przez wiele lat wykorzystywane w naszych ogrodach. Podk\u0142ady kolejowe to znakomity materia\u0142 na r\u00f3\u017cnego rodzaju budowle ogrodowe. Zdobywaj\u0105 coraz wi\u0119ksze uznanie zar\u00f3wno u projektant\u00f3w, jak u w\u0142a\u015bcicieli ogrod\u00f3w. Podk\u0142ady kolejowe wygl\u0105daj\u0105 szlachetnie, dobrze komponuj\u0105 si\u0119 zar\u00f3wno z ro\u015blinami jak i innymi materia\u0142ami wykorzystywanymi przy urz\u0105dzaniu ogrod\u00f3w. <\/p>\n<div class='gdl-image-frame'><a href='https:\/\/mcottis.com\/wp-content\/uploads\/2012\/03\/image005.jpg' rel='prettyPhoto'  title='' ><img src='https:\/\/mcottis.com\/wp-content\/uploads\/2012\/03\/image005.jpg' width='auto' height='200px' alt='' \/><\/a><\/div>\n<div class='gdl-image-frame'><a href='https:\/\/mcottis.com\/wp-content\/uploads\/2012\/03\/image006.jpg' rel='prettyPhoto'  title='' ><img src='https:\/\/mcottis.com\/wp-content\/uploads\/2012\/03\/image006.jpg' width='auto' height='200px' alt='' \/><\/a><\/div>\n<p> Nowe lub u\u017cywane; drewna li\u015bciastych lub iglastych, impregnowane lub nie impregnowane. Dostarczamy podk\u0142ady kolejowe na terenie Polski, Europy oraz Izraela. Zapewniamy tak\u017ce us\u0142ugi ci\u0119cia materia\u0142\u00f3w, zar\u00f3wno dla u\u017cytkownik\u00f3w indywidualnych jak i komercyjnych. Mo\u017cemy dostarczy\u0107 ka\u017cd\u0105 ilo\u015b\u0107 materia\u0142\u00f3w, od pojedynczych element\u00f3w do wi\u0119kszych zam\u00f3wie\u0144. Zapraszamy do om\u00f3wienia projektu. \u00a0 U\u017cywane nasycony klasy 1 iglasta Podk\u0142ady kolejowe Wymiar: 2600 mm (w przybli\u017ceniu) x 250mm x 125\/150mm Opakowanie: 24 -28sztuki w paczce Pe\u0142ny za\u0142adunek: 384 \u2013 416sztuki <\/p>\n<div class='gdl-image-frame'><a href='https:\/\/mcottis.com\/wp-content\/uploads\/2012\/03\/image007.jpg' rel='prettyPhoto'  title='' ><img src='https:\/\/mcottis.com\/wp-content\/uploads\/2012\/03\/image007.jpg' width='auto' height='200px' alt='' \/><\/a><\/div>\n<div class='gdl-image-frame'><a href='https:\/\/mcottis.com\/wp-content\/uploads\/2012\/03\/image008.jpg' rel='prettyPhoto'  title='' ><img src='https:\/\/mcottis.com\/wp-content\/uploads\/2012\/03\/image008.jpg' width='auto' height='200px' alt='' \/><\/a><\/div>\n<div class='gdl-image-frame'><a href='https:\/\/mcottis.com\/wp-content\/uploads\/2012\/03\/image009.jpg' rel='prettyPhoto'  title='' ><img src='https:\/\/mcottis.com\/wp-content\/uploads\/2012\/03\/image009.jpg' width='auto' height='200px' alt='' \/><\/a><\/div>\n<p> Cztery dobre kwadratowe boki, minimalne wady \/ p\u0119kniecie, sta\u0142a jako\u015b\u0107, rozmiar i kszta\u0142t, kwadratowe ko\u0144c\u00f3wki przy minimalnym p\u0119knieciu. Kreozotowy nasycone (nale\u017cy obchodzi\u0107 si\u0119 w r\u0119kawicach i przestrzega\u0107 UE regulaminu). <strong>U\u017cywane nasycony klasy 2 iglaste podk\u0142ady kolejowe<\/strong> Rozmiar: 2600 mm (w przybli\u017ceniu) x 250mm x 125\/150mm Opakowanie: 24 &#8211; 28sztuki Pe\u0142ny za\u0142adunek: 384 \u2013 418sztuki <\/p>\n<div class='gdl-image-frame'><a href='https:\/\/mcottis.com\/wp-content\/uploads\/2012\/03\/image010.jpg' rel='prettyPhoto'  title='' ><img src='https:\/\/mcottis.com\/wp-content\/uploads\/2012\/03\/image010.jpg' width='auto' height='200px' alt='' \/><\/a><\/div>\n<div class='gdl-image-frame'><a href='https:\/\/mcottis.com\/wp-content\/uploads\/2012\/03\/image011.jpg' rel='prettyPhoto'  title='' ><img src='https:\/\/mcottis.com\/wp-content\/uploads\/2012\/03\/image011.jpg' width='auto' height='200px' alt='' \/><\/a><\/div>\n<p> Zazwyczaj wykonane z sosny, s\u0105 dobrej jako\u015bci i r\u00f3wnie solidne jak klasa 1 podk\u0142ady kolejowe, z bardziej rustykalnego wygl\u0105du i wy\u017cszy stopie\u0144 uszkodzenia i z minimaln\u0105 pr\u00f3chnic\u0105 powierzchni. Te podk\u0142ady nieco szorstkie okr\u0105g\u0142e kraw\u0119dzie, nie musz\u0105 mie\u0107 r\u00f3wnomiernej d\u0142ugo\u015bci i szeroko\u015bci. Mo\u017ce mie\u0107 do\u015b\u0107 ci\u0119\u017ck\u0105 powierzchni\u0119 i p\u0119kniecia ko\u0144c\u00f3w, jednak to nie jest szkodliwe dla og\u00f3lnej sztywno\u015bci strukturalnej podk\u0142adu. Nadaje si\u0119 do wielu zastosowa\u0144, w kt\u00f3rych bardziej rustykalny wygl\u0105d jest po\u017c\u0105dany, od dekoracyjnych do przechowywania w glebie. Bardziej wykorzystanych w in\u017cynierii aplikacji, takich jak kruszywa zatok i objazdy dr\u00f3g. <\/p>\n<div class='gdl-image-frame'><a href='https:\/\/mcottis.com\/wp-content\/uploads\/2012\/03\/image012.jpg' rel='prettyPhoto'  title='' ><img src='https:\/\/mcottis.com\/wp-content\/uploads\/2012\/03\/image012.jpg' width='auto' height='200px' alt='' \/><\/a><\/div>\n<div class='gdl-image-frame'><a href='https:\/\/mcottis.com\/wp-content\/uploads\/2012\/03\/image013.png' rel='prettyPhoto'  title='' ><img src='https:\/\/mcottis.com\/wp-content\/uploads\/2012\/03\/image013.png' width='auto' height='200px' alt='' \/><\/a><\/div>\n<div class='gdl-image-frame'><a href='https:\/\/mcottis.com\/wp-content\/uploads\/2012\/03\/image014.jpg' rel='prettyPhoto'  title='' ><img src='https:\/\/mcottis.com\/wp-content\/uploads\/2012\/03\/image014.jpg' width='auto' height='200px' alt='' \/><\/a><\/div>\n<div class='gdl-image-frame'><a href='https:\/\/mcottis.com\/wp-content\/uploads\/2012\/03\/image015.jpg' rel='prettyPhoto'  title='' ><img src='https:\/\/mcottis.com\/wp-content\/uploads\/2012\/03\/image015.jpg' width='auto' height='200px' alt='' \/><\/a><\/div>\n<div class='gdl-image-frame'><a href='https:\/\/mcottis.com\/wp-content\/uploads\/2012\/03\/image016.jpg' rel='prettyPhoto'  title='' ><img src='https:\/\/mcottis.com\/wp-content\/uploads\/2012\/03\/image016.jpg' width='auto' height='200px' alt='' \/><\/a><\/div>\n<div class='gdl-image-frame'><a href='https:\/\/mcottis.com\/wp-content\/uploads\/2012\/03\/image017.jpg' rel='prettyPhoto'  title='' ><img src='https:\/\/mcottis.com\/wp-content\/uploads\/2012\/03\/image017.jpg' width='auto' height='200px' alt='' \/><\/a><\/div>\n<p> <strong>Nienasycona Nowe podk\u0142ady kolejowe li\u015bciaste i iglaste<\/strong> Rozmiar: 2600 mm (w przybli\u017ceniu) X 250mm X 125 -150mm Opakowanie: 20 -24sztuki Pe\u0142ny rozmiar obci\u0105\u017cenia: 300 \u2013 360sztuk <\/p>\n<div class='gdl-image-frame'><a href='https:\/\/mcottis.com\/wp-content\/uploads\/2012\/03\/image018.jpg' rel='prettyPhoto'  title='' ><img src='https:\/\/mcottis.com\/wp-content\/uploads\/2012\/03\/image018.jpg' width='auto' height='200px' alt='' \/><\/a><\/div>\n<div class='gdl-image-frame'><a href='https:\/\/mcottis.com\/wp-content\/uploads\/2012\/03\/image019.jpg' rel='prettyPhoto'  title='' ><img src='https:\/\/mcottis.com\/wp-content\/uploads\/2012\/03\/image019.jpg' width='auto' height='200px' alt='' \/><\/a><\/div>\n<div class='gdl-image-frame'><a href='https:\/\/mcottis.com\/wp-content\/uploads\/2012\/03\/image020.jpg' rel='prettyPhoto'  title='' ><img src='https:\/\/mcottis.com\/wp-content\/uploads\/2012\/03\/image020.jpg' width='auto' height='200px' alt='' \/><\/a><\/div>\n<p> Ze wzgl\u0119du na naturalnie otwarte ziarna li\u015bciaste, mog\u0105 one mie\u0107 do\u015b\u0107 ci\u0119\u017ck\u0105 powierzchni\u0119 i pekniecia na ko\u0144cach, jednak nie jest to szkodliwe dla og\u00f3lnej sztywno\u015bci strukturalnej podk\u0142adu. Podobnie jak w przypadku klasy 1 Podk\u0142ady kolejowe Nienasycona li\u015bciaste, mog\u0105 one r\u00f3wnie\u017c by\u0107 u\u017cywane w aplikacjach, w kt\u00f3rych korzystanie z impregnowanego krosotowego drewna jest zabronione. ZIELONY BALTIC -ci\u015bnieniowa impregnowanacja podk\u0142ady kolejowe 2600\/2400 x 250\/225 x 150\/100mm <strong>Elementy zabudowy<\/strong>ZIELONY BALTIC ci\u015bnieniowa impregnowanacja deski tarasowe 4800mm x 100mm x 47mm Ukszta\u0142towany kamie\u0144 (Cultured Stone):- jest idealnym rozwi\u0105zaniem dla<\/p>\n<ul>\n<li>Wspania\u0142ego wn\u0119trza i wyposa\u017cenie \u015bciany zewn\u0119trznie<\/li>\n<li>niebanalne kominki i kominy<\/li>\n<li>Krajobrazu wok\u00f3\u0142 basen\u00f3w, wej\u015b\u0107 i ogrod\u00f3w<\/li>\n<li>akcent\u00f3w patii i chodnik\u00f3w<\/li>\n<li>Klasycznych \u015bcian, kolumn i filar\u00f3w<\/li>\n<li>Innowacyji ok\u0142adzin \u015bciennych<\/li>\n<\/ul>\n<p>Drewna budowlanego: <\/p>\n<div class='gdl-image-frame'><a href='https:\/\/mcottis.com\/wp-content\/uploads\/2012\/03\/image021.jpg' rel='prettyPhoto'  title='' ><img src='https:\/\/mcottis.com\/wp-content\/uploads\/2012\/03\/image021.jpg' width='auto' height='200px' alt='' \/><\/a><\/div>\n<div class='gdl-image-frame'><a href='https:\/\/mcottis.com\/wp-content\/uploads\/2012\/03\/image022.jpg' rel='prettyPhoto'  title='' ><img src='https:\/\/mcottis.com\/wp-content\/uploads\/2012\/03\/image022.jpg' width='auto' height='200px' alt='' \/><\/a><\/div>\n<div class='gdl-image-frame'><a href='https:\/\/mcottis.com\/wp-content\/uploads\/2012\/03\/image023.jpg' rel='prettyPhoto'  title='' ><img src='https:\/\/mcottis.com\/wp-content\/uploads\/2012\/03\/image023.jpg' width='auto' height='200px' alt='' \/><\/a><\/div>\n<div class='gdl-image-frame'><a href='https:\/\/mcottis.com\/wp-content\/uploads\/2012\/03\/image024.jpg' rel='prettyPhoto'  title='' ><img src='https:\/\/mcottis.com\/wp-content\/uploads\/2012\/03\/image024.jpg' width='auto' height='200px' alt='' \/><\/a><\/div>\n<div class='gdl-image-frame'><a href='https:\/\/mcottis.com\/wp-content\/uploads\/2012\/03\/image025.jpg' rel='prettyPhoto'  title='' ><img src='https:\/\/mcottis.com\/wp-content\/uploads\/2012\/03\/image025.jpg' width='auto' height='200px' alt='' \/><\/a><\/div>\n<div class='gdl-image-frame'><a href='https:\/\/mcottis.com\/wp-content\/uploads\/2012\/03\/image026.jpg' rel='prettyPhoto'  title='' ><img src='https:\/\/mcottis.com\/wp-content\/uploads\/2012\/03\/image026.jpg' width='auto' height='200px' alt='' \/><\/a><\/div>\n<p> <strong>CEG\u0141Y U\u017bYWANE<\/strong> :- rozbi\u00f3rkowa czerwona klasztorna gotycka, wymiary ceg\u0142y 27cm-30cm d\u0142ugo\u015bci,szeroko\u015b\u0107 od13,cm-15cm,wysoko\u015b\u0107 7cm-8cm. Ceg\u0142a jest spaletowana po 240 &#8211; 360sztuki (paleta , zabezpieczona foli\u0105 strech). Ceg\u0142\u0119 mo\u017cna wykorzysta\u0107 do rozwi\u0105za\u0144 dekoracyjnych &#8211; budowy komin\u00f3w , komink\u00f3w , ogrodze\u0144 i wielu innych rozwi\u0105za\u0144 ( szczeg\u00f3lnie polecana do stawiania pojedy\u0144czych \u015bcian wewn\u0119trznych). Ceg\u0142\u0119 z powodzeniem mo\u017cna ci\u0105\u0107 na p\u0142ytki. <\/p>\n<div class='gdl-image-frame'><a href='https:\/\/mcottis.com\/wp-content\/uploads\/2012\/03\/image027.jpg' rel='prettyPhoto'  title='' ><img src='https:\/\/mcottis.com\/wp-content\/uploads\/2012\/03\/image027.jpg' width='auto' height='150px' alt='' \/><\/a><\/div>\n<div class='gdl-image-frame'><a href='https:\/\/mcottis.com\/wp-content\/uploads\/2012\/03\/image028.jpg' rel='prettyPhoto'  title='' ><img src='https:\/\/mcottis.com\/wp-content\/uploads\/2012\/03\/image028.jpg' width='auto' height='150px' alt='' \/><\/a><\/div>\n<div class='gdl-image-frame'><a href='https:\/\/mcottis.com\/wp-content\/uploads\/2012\/03\/image029.jpg' rel='prettyPhoto'  title='' ><img src='https:\/\/mcottis.com\/wp-content\/uploads\/2012\/03\/image029.jpg' width='auto' height='150px' alt='' \/><\/a><\/div>\n<div class='gdl-image-frame'><a href='https:\/\/mcottis.com\/wp-content\/uploads\/2012\/03\/image030.jpg' rel='prettyPhoto'  title='' ><img src='https:\/\/mcottis.com\/wp-content\/uploads\/2012\/03\/image030.jpg' width='auto' height='150px' alt='' \/><\/a><\/div>\n<div class='gdl-image-frame'><a href='https:\/\/mcottis.com\/wp-content\/uploads\/2012\/03\/image031.png' rel='prettyPhoto'  title='' ><img src='https:\/\/mcottis.com\/wp-content\/uploads\/2012\/03\/image031.png' width='500px' height='auto' alt='' \/><\/a><\/div>\n<p> <strong>PALISADA<\/strong> <\/p>\n<div class='gdl-image-frame'><a href='https:\/\/mcottis.com\/wp-content\/uploads\/2012\/03\/image032.png' rel='prettyPhoto'  title='' ><img src='https:\/\/mcottis.com\/wp-content\/uploads\/2012\/03\/image032.png' width='auto' height='200px' alt='' \/><\/a><\/div>\n<div class='gdl-image-frame'><a href='https:\/\/mcottis.com\/wp-content\/uploads\/2012\/03\/image033.png' rel='prettyPhoto'  title='' ><img src='https:\/\/mcottis.com\/wp-content\/uploads\/2012\/03\/image033.png' width='auto' height='200px' alt='' \/><\/a><\/div>\n<div class='gdl-image-frame'><a href='https:\/\/mcottis.com\/wp-content\/uploads\/2012\/03\/image034.png' rel='prettyPhoto'  title='' ><img src='https:\/\/mcottis.com\/wp-content\/uploads\/2012\/03\/image034.png' width='auto' height='200px' alt='' \/><\/a><\/div>\n<p> <strong>KORA SOSNOWA OGRODOWA <\/strong>\u2013nasza kora jest w pe\u0142ni czysta, zdrowa i \u017cywego koloru. Produkowane wy\u0142\u0105cznie z naturalnych, przyjaznych dla \u015brodowiska \u017ar\u00f3de\u0142 odnawialnych. W ogrodnictwie, kora ma wielorakie zastosowania. Nadaje si\u0119 jako \u015bcio\u0142ka gl\u0119by wok\u00f3\u0142 drzewek, krzew\u00f3w oraz innych ro\u015blin w ogrodzie. Utrzymuje ona odpowiedni\u0105 wilgotno\u015b\u0107 pod\u0142o\u017ca. \u015acio\u0142kowanie gleby, powoduje lepsz\u0105 struktur\u0119 i zapobiega erozji gleby. Potrafimy tworzy\u0107 z kory pi\u0119kne kompozycje. Bardzo estetycznie wygl\u0105da w po\u0142\u0105czeniu z zieleni\u0105 roslin, idealnie odbija na tle trawnik\u00f3w i kamieni \u017cwirowych. <\/p>\n<div class='gdl-image-frame'><a href='https:\/\/mcottis.com\/wp-content\/uploads\/2012\/03\/image035.jpg' rel='prettyPhoto'  title='' ><img src='https:\/\/mcottis.com\/wp-content\/uploads\/2012\/03\/image035.jpg' width='auto' height='200px' alt='' \/><\/a><\/div>\n<div class='gdl-image-frame'><a href='https:\/\/mcottis.com\/wp-content\/uploads\/2012\/03\/image036.jpg' rel='prettyPhoto'  title='' ><img src='https:\/\/mcottis.com\/wp-content\/uploads\/2012\/03\/image036.jpg' width='auto' height='200px' alt='' \/><\/a><\/div>\n<div class='gdl-image-frame'><a href='https:\/\/mcottis.com\/wp-content\/uploads\/2012\/03\/image037.jpg' rel='prettyPhoto'  title='' ><img src='https:\/\/mcottis.com\/wp-content\/uploads\/2012\/03\/image037.jpg' width='auto' height='200px' alt='' \/><\/a><\/div>\n<p> <strong>Jaki jest najlepszy naturalny chocho\u0142?<\/strong>-istnieje wiele naturalnych \u015bci\u00f3\u0142ek, \u015bci\u00f3\u0142ka z mi\u0119kkiego i twardego drewna, sosna s\u0142oma, stare siano. <\/p>\n<div class='gdl-image-frame'><a href='https:\/\/mcottis.com\/wp-content\/uploads\/2012\/03\/image038.jpg' rel='prettyPhoto'  title='' ><img src='https:\/\/mcottis.com\/wp-content\/uploads\/2012\/03\/image038.jpg' width='auto' height='200px' alt='' \/><\/a><\/div>\n<div class='gdl-image-frame'><a href='https:\/\/mcottis.com\/wp-content\/uploads\/2012\/03\/image039.png' rel='prettyPhoto'  title='' ><img src='https:\/\/mcottis.com\/wp-content\/uploads\/2012\/03\/image039.png' width='auto' height='200px' alt='' \/><\/a><\/div>\n<div class='gdl-image-frame'><a href='https:\/\/mcottis.com\/wp-content\/uploads\/2012\/03\/image040.jpg' rel='prettyPhoto'  title='' ><img src='https:\/\/mcottis.com\/wp-content\/uploads\/2012\/03\/image040.jpg' width='auto' height='200px' alt='' \/><\/a><\/div>\n<p> Mi\u0119kki upadek kora na place zabaw: Wykonane z uko\u015bnik\u00f3w cz\u0105stek kory sosnowej mi\u0119dzy 5 a 12 mm wielko\u015bci. Jest to dobry materia\u0142 absorbuj\u0105cy uderzenia, \u017ce jest idealny na powierzchnie plac\u00f3w zabaw.<\/p>\n<ul>\n<li>Zgodno\u015b\u0107 z obecnym UE (Australian Standard AS4422)<\/li>\n<li>Szeroko stosowane przez rady i szk\u00f3\u0142 dla plac\u00f3w zabaw<\/li>\n<li>Zapewnia amortyzacj\u0119 bazy, kt\u00f3re mog\u0105 pom\u00f3c zapobiec zranienie w razie upadku<\/li>\n<li>Pomija chwastowanie na placach zabaw<\/li>\n<li>Wymagana g\u0142\u0119boko\u015b\u0107 monta\u017cu na placach zabaw jest 250 do 300 mm<\/li>\n<\/ul>\n<p><strong>Plac Zabaw kory 10\/50<\/strong> estetyczny, masywny produkt, jest czerwono-br\u0105zowy, z praktycznie oczyszczonych py\u0142\u00f3w i drobnych cz\u0105stek. Jest on zgodny z norm\u0105 bezpiecze\u0144stwa bran\u017cowego i posiada wysok\u0105 odporno\u015b\u0107 ogniow\u0105. <strong>Ozdobne Mulch Kora:<\/strong> nadaje si\u0119 do szerokiej gamy profesjonalnych i domowych zastosowa\u0144 krajobrazu, w tym presti\u017cowych miejsc, parking\u00f3w, supermarket\u00f3w, park\u00f3w biznesowych, wanien i skrzynek balkonowych. Szczeg\u00f3lnie skuteczna, gdy wymagane jest wysokiej jako\u015bci dekoracyjne wyko\u0144czenie. <strong>Jak obliczy\u0107 ilo\u015b\u0107 potrzebnej \u015acio\u0142ki<\/strong>Aby okre\u015bli\u0107 ile metr\u00f3w sze\u015bciennych \u015bci\u00f3\u0142ki jest potrzebna, trzeba obliczy\u0107 powierzchni\u0119 i po\u017c\u0105dan\u0105 g\u0142\u0119boko\u015b\u0107 zasi\u0119gu. Istnieje 8,35 metr\u00f3w sze\u015bciennych na metr sze\u015bcienny. Jeden metr sze\u015bcienny obejmie 30,1 metr\u00f3w kwadratowych powierzchni na centymetr chocho\u0142u. Znaj\u0105c metry kwadratowe swojego po\u0142o\u017ca, to razy szeroko\u015b\u0107 d\u0142ugo\u015b\u0107 kwadratowych lub prostok\u0105tnych kszta\u0142t\u00f3w po\u0142o\u017ca. Metr kwadratowy w okr\u0105g\u0142ym po\u0142o\u017cu to odleg\u0142o\u015b\u0107 od \u015brodka ko\u0142a na zewn\u0105trz, pomno\u017cone przez siebie a nast\u0119pnie pomno\u017cy\u0107 przez pi (czyli 3.14). \u015aci\u00f3\u0142ka z kory gospodarczej jest mieszanin\u0105 ca\u0142ego produktu drzewa i kory drzew iglastych. Wielko\u015b\u0107 cz\u0105stek wynosi ok. 1-35 mm. Kora gospodarcza jest ta\u0144sza ni\u017c \u015bcio\u0142ka Premium. Idealna dla du\u017cych obszar\u00f3w.<\/p>\n<table width=\"100%\" border=\"1\" cellpadding=\"0\">\n<tbody>\n<tr>\n<td width=\"22%\">\n<p align=\"center\">Wielko\u015b\u0107 \u0142adunku<\/p>\n<\/td>\n<td width=\"27%\">\n<p align=\"center\">Pokrycie @ 10cm grubo\u015bci<\/p>\n<\/td>\n<td width=\"24%\">\n<p align=\"center\">@ 15cm grubo\u015bci<\/p>\n<\/td>\n<td width=\"24%\">\n<p align=\"center\">@ 20cm grubo\u015bci<\/p>\n<\/td>\n<\/tr>\n<tr>\n<td>\n<p align=\"center\">1.4 metr\u00f3w sze\u015bciennych<\/p>\n<\/td>\n<td width=\"27%\">14 metr\u00f3w kwadratowych<\/td>\n<td width=\"24%\">10.5 metr\u00f3w kwadratowych<\/td>\n<td width=\"24%\">7 metr\u00f3w kwadratowych<\/td>\n<\/tr>\n<tr>\n<td width=\"22%\">\n<p align=\"center\">2.8 metr\u00f3w sze\u015bciennych<\/p>\n<\/td>\n<td width=\"27%\">28 metr\u00f3w kwadratowych<\/td>\n<td width=\"24%\">21 metr\u00f3w kwadratowych<\/td>\n<td width=\"24%\">14 metr\u00f3w kwadratowych<\/td>\n<\/tr>\n<tr>\n<td width=\"22%\">\n<p align=\"center\">5.6 metr\u00f3w sze\u015bciennych<\/p>\n<\/td>\n<td width=\"27%\">56 metr\u00f3w kwadratowych<\/td>\n<td width=\"24%\">42 metr\u00f3w kwadratowych<\/td>\n<td width=\"24%\">28 metr\u00f3w kwadratowych<\/td>\n<\/tr>\n<tr>\n<td>\n<p align=\"center\">8.4 metr\u00f3w sze\u015bciennych<\/p>\n<\/td>\n<td width=\"27%\">84 metr\u00f3w kwadratowych<\/td>\n<td width=\"24%\">63 metr\u00f3w kwadratowych<\/td>\n<td width=\"24%\">42 metr\u00f3w kwadratowych<\/td>\n<\/tr>\n<tr>\n<td>11.2 metr\u00f3w sze\u015bciennych<\/td>\n<td width=\"27%\">112 metr\u00f3w kwadratowych<\/td>\n<td width=\"24%\">84 metr\u00f3w kwadratowych<\/td>\n<td width=\"24%\">56 metr\u00f3w kwadratowych<\/td>\n<\/tr>\n<tr>\n<td width=\"22%\">14 metr\u00f3w sze\u015bciennych<\/td>\n<td width=\"27%\">140 metr\u00f3w kwadratowych<\/td>\n<td width=\"24%\">105 metr\u00f3w kwadratowych<\/td>\n<td width=\"24%\">70 metr\u00f3w kwadratowych<\/td>\n<\/tr>\n<\/tbody>\n<\/table>\n<p>\u015aci\u00f3\u0142ka z kory Premium jest produktem mieszanym, kora drzew iglastych z maksymaln\u0105 20% zawarto\u015bci\u0105 bia\u0142ego drewna. Wielko\u015b\u0107 cz\u0105stek wynosi 10-35mm. \u015aci\u00f3\u0142ka z kory Premium ma wi\u0119kszy rozmiar cz\u0105stek ni\u017c \u015bci\u00f3\u0142ka z kory gospodarczej czyni go bardziej wytrzyma\u0142\u0105, nadaj\u0105c jej bardziej masywny wygl\u0105d<\/p>\n<table width=\"100%\" border=\"1\" cellpadding=\"0\">\n<tbody>\n<tr>\n<td width=\"22%\">\n<p align=\"center\">Wielko\u015b\u0107 \u0142adunku<\/p>\n<\/td>\n<td width=\"30%\">\n<p align=\"center\">Pokrycie @ 10cm grubo\u015bci<\/p>\n<\/td>\n<td width=\"24%\">\n<p align=\"center\">@ 15cm grubo\u015bci<\/p>\n<\/td>\n<td width=\"21%\">\n<p align=\"center\">@ 20cm grubo\u015bci<\/p>\n<\/td>\n<\/tr>\n<tr>\n<td>\n<p align=\"center\">1.4 metr\u00f3w sze\u015bciennych<\/p>\n<\/td>\n<td width=\"30%\">\n<p align=\"center\">14 metr\u00f3w kwadratowych<\/p>\n<\/td>\n<td width=\"24%\">10.5 metr\u00f3w kwadratowych<\/td>\n<td width=\"21%\">\n<p align=\"center\">7 metr\u00f3w kwadratowych<\/p>\n<\/td>\n<\/tr>\n<tr>\n<td width=\"22%\">\n<p align=\"center\">2.8 metr\u00f3w sze\u015bciennych<\/p>\n<\/td>\n<td width=\"30%\">\n<p align=\"center\">28 metr\u00f3w kwadratowych<\/p>\n<\/td>\n<td width=\"24%\">21 metr\u00f3w kwadratowych<\/td>\n<td width=\"21%\">14 metr\u00f3w kwadratowych<\/td>\n<\/tr>\n<tr>\n<td width=\"22%\">\n<p align=\"center\">5.6 metr\u00f3w sze\u015bciennych<\/p>\n<\/td>\n<td width=\"30%\">\n<p align=\"center\">56 metr\u00f3w kwadratowych<\/p>\n<\/td>\n<td width=\"24%\">42 metr\u00f3w kwadratowych<\/td>\n<td width=\"21%\">\n<p align=\"center\">28 metr\u00f3w kwadratowych<\/p>\n<\/td>\n<\/tr>\n<tr>\n<td>\n<p align=\"center\">8.4 metr\u00f3w sze\u015bciennych<\/p>\n<\/td>\n<td width=\"30%\">\n<p align=\"center\">84 metr\u00f3w kwadratowych<\/p>\n<\/td>\n<td width=\"24%\">63 metr\u00f3w kwadratowych<\/td>\n<td width=\"21%\">\n<p align=\"center\">42 metr\u00f3w kwadratowych<\/p>\n<\/td>\n<\/tr>\n<tr>\n<td>\n<p align=\"center\">11.2 metr\u00f3w sze\u015bciennych<\/p>\n<\/td>\n<td width=\"30%\">\n<p align=\"center\">112 metr\u00f3w kwadratowych<\/p>\n<\/td>\n<td width=\"24%\">84 metr\u00f3w kwadratowych<\/td>\n<td width=\"21%\">\n<p align=\"center\">56 metr\u00f3w kwadratowych<\/p>\n<\/td>\n<\/tr>\n<tr>\n<td width=\"22%\">14 metr\u00f3w sze\u015bciennych<\/td>\n<td width=\"30%\">\n<p align=\"center\">140 metr\u00f3w kwadratowych<\/p>\n<\/td>\n<td width=\"24%\">105 metr\u00f3w kwadratowych<\/td>\n<td width=\"21%\">\n<p align=\"center\">70 metr\u00f3w kwadratowych<\/p>\n<\/td>\n<\/tr>\n<\/tbody>\n<\/table>\n<p><!--:--><\/p>\n","protected":false},"excerpt":{"rendered":"<p>Architektura krajobraz oraz aran\u017cacja i projektowanie ogrodu \u2013 \u0142\u0105czy funkcjonalno\u015bci i nowoczesno\u015b\u0107 z proekologicznym przes\u0142aniem. Ziele\u0144 umila \u017cycie i w tym tkwi jej i nasza si\u0142a. Si\u0142a zieleni sprawia, \u017ce pragniemy by\u0107 ca\u0142y czas w jej otoczeniu. Kompozycje naturalne i sztuczne, ziele\u0144 wewn\u0119trzna i zewn\u0119trzna: systematycznie badamy spo\u0142eczne, ekologiczne i geologiczne warunki i procesy zachodz\u0105ce w otaczaj\u0105cym nas krajobrazie. W rezultacie powstaje produkt, kt\u00f3ry wytwarza po\u017c\u0105dany efekt. Nasze materia\u0142yZajmujemy si\u0119 g\u0142\u00f3wnie dostaw\u0105 materia\u0142\u00f3w drewnianych krajobrazowych, kt\u00f3re s\u0105 podstawowymi elementami sk\u0142adowymi ogrodu: Podk\u0142ady kolejowe &#8211; na dramatycznie podniesione pod\u0142\u00f3\u017ca, staw\u00f3w, dr\u00f3g, schody, fotele, S\u0142upy telegraficzne &#8211; na oznakowanie stanowiska granic, hu\u015btawki, domki na drzewie Mierzwa zr\u0119bk\u00f3w drzewnych &#8211; na \u015bcie\u017ckach, w sadach, w kwietnikach, na placach zabaw K\u0142ody &#8211; na stopnie-kamieni, siedzenia, figurki przyrodnicze oraz na spalanie! PODK\u0141ADY KOLEJOWE: Podk\u0142ady kolejowe wykonane s\u0105 z wysokiej jako\u015bci drewna. Charakteryzuj\u0105 si\u0119 niesamowit\u0105 trwa\u0142o\u015bci\u0105 i wytrzyma\u0142o\u015bci\u0105 na czyniki pogodowe. Drewno to jest specjalnie konserwowane. Odpowiednia konserwacja sprawi\u0142a, \u017ce nawet po wycofaniu z u\u017cytku podk\u0142ady mog\u0105 by\u0107 przez wiele lat wykorzystywane w naszych ogrodach. Podk\u0142ady kolejowe to znakomity materia\u0142 na r\u00f3\u017cnego rodzaju budowle ogrodowe. Zdobywaj\u0105 coraz wi\u0119ksze uznanie zar\u00f3wno u projektant\u00f3w, jak u w\u0142a\u015bcicieli ogrod\u00f3w. Podk\u0142ady kolejowe wygl\u0105daj\u0105 szlachetnie, dobrze komponuj\u0105 si\u0119 zar\u00f3wno z ro\u015blinami jak i innymi materia\u0142ami wykorzystywanymi przy urz\u0105dzaniu ogrod\u00f3w. Nowe lub u\u017cywane; drewna li\u015bciastych lub iglastych, impregnowane lub nie impregnowane. Dostarczamy podk\u0142ady kolejowe na terenie Polski, Europy oraz Izraela. Zapewniamy tak\u017ce us\u0142ugi ci\u0119cia materia\u0142\u00f3w, zar\u00f3wno dla u\u017cytkownik\u00f3w indywidualnych jak i komercyjnych. Mo\u017cemy dostarczy\u0107 ka\u017cd\u0105 ilo\u015b\u0107 materia\u0142\u00f3w, od pojedynczych element\u00f3w do wi\u0119kszych zam\u00f3wie\u0144. Zapraszamy do om\u00f3wienia projektu. \u00a0 U\u017cywane nasycony klasy 1 iglasta Podk\u0142ady kolejowe Wymiar: 2600 mm (w przybli\u017ceniu) x 250mm x 125\/150mm Opakowanie: 24 -28sztuki w paczce Pe\u0142ny za\u0142adunek: 384 \u2013 416sztuki Cztery dobre kwadratowe boki, minimalne wady \/ p\u0119kniecie, sta\u0142a jako\u015b\u0107, rozmiar i kszta\u0142t, kwadratowe ko\u0144c\u00f3wki przy minimalnym p\u0119knieciu. Kreozotowy nasycone (nale\u017cy obchodzi\u0107 si\u0119 w r\u0119kawicach i przestrzega\u0107 UE regulaminu). U\u017cywane nasycony klasy 2 iglaste podk\u0142ady kolejowe Rozmiar: 2600 mm (w przybli\u017ceniu) x 250mm x 125\/150mm Opakowanie: 24 &#8211; 28sztuki Pe\u0142ny za\u0142adunek: 384 \u2013 418sztuki Zazwyczaj wykonane z sosny, s\u0105 dobrej jako\u015bci i r\u00f3wnie solidne jak klasa 1 podk\u0142ady kolejowe, z bardziej rustykalnego wygl\u0105du i wy\u017cszy stopie\u0144 uszkodzenia i z minimaln\u0105 pr\u00f3chnic\u0105 powierzchni. Te podk\u0142ady nieco szorstkie okr\u0105g\u0142e kraw\u0119dzie, nie musz\u0105 mie\u0107 r\u00f3wnomiernej d\u0142ugo\u015bci i szeroko\u015bci. Mo\u017ce mie\u0107 do\u015b\u0107 ci\u0119\u017ck\u0105 powierzchni\u0119 i p\u0119kniecia ko\u0144c\u00f3w, jednak to nie jest szkodliwe dla og\u00f3lnej sztywno\u015bci strukturalnej podk\u0142adu. Nadaje si\u0119 do wielu zastosowa\u0144, w kt\u00f3rych bardziej rustykalny wygl\u0105d jest po\u017c\u0105dany, od dekoracyjnych do przechowywania w glebie. Bardziej wykorzystanych w in\u017cynierii aplikacji, takich jak kruszywa zatok i objazdy dr\u00f3g. Nienasycona Nowe podk\u0142ady kolejowe li\u015bciaste i iglaste Rozmiar: 2600 mm (w przybli\u017ceniu) X 250mm X 125 -150mm Opakowanie: 20 -24sztuki Pe\u0142ny rozmiar obci\u0105\u017cenia: 300 \u2013 360sztuk Ze wzgl\u0119du na naturalnie otwarte ziarna li\u015bciaste, mog\u0105 one mie\u0107 do\u015b\u0107 ci\u0119\u017ck\u0105 powierzchni\u0119 i pekniecia na ko\u0144cach, jednak nie jest to szkodliwe dla og\u00f3lnej sztywno\u015bci strukturalnej podk\u0142adu. Podobnie jak w przypadku klasy 1 Podk\u0142ady kolejowe Nienasycona li\u015bciaste, mog\u0105 one r\u00f3wnie\u017c by\u0107 u\u017cywane w aplikacjach, w kt\u00f3rych korzystanie z impregnowanego krosotowego drewna jest zabronione. ZIELONY BALTIC -ci\u015bnieniowa impregnowanacja podk\u0142ady kolejowe 2600\/2400 x 250\/225 x 150\/100mm Elementy zabudowyZIELONY BALTIC ci\u015bnieniowa impregnowanacja deski tarasowe 4800mm x 100mm x 47mm Ukszta\u0142towany kamie\u0144 (Cultured Stone):- jest idealnym rozwi\u0105zaniem dla Wspania\u0142ego wn\u0119trza i wyposa\u017cenie \u015bciany zewn\u0119trznie niebanalne kominki i kominy Krajobrazu wok\u00f3\u0142 basen\u00f3w, wej\u015b\u0107 i ogrod\u00f3w akcent\u00f3w patii i chodnik\u00f3w Klasycznych \u015bcian, kolumn i filar\u00f3w Innowacyji ok\u0142adzin \u015bciennych Drewna budowlanego: CEG\u0141Y U\u017bYWANE :- rozbi\u00f3rkowa czerwona klasztorna gotycka, wymiary ceg\u0142y 27cm-30cm d\u0142ugo\u015bci,szeroko\u015b\u0107 od13,cm-15cm,wysoko\u015b\u0107 7cm-8cm. Ceg\u0142a jest spaletowana po 240 &#8211; 360sztuki (paleta , zabezpieczona foli\u0105 strech). Ceg\u0142\u0119 mo\u017cna wykorzysta\u0107 do rozwi\u0105za\u0144 dekoracyjnych &#8211; budowy komin\u00f3w , komink\u00f3w , ogrodze\u0144 i wielu innych rozwi\u0105za\u0144 ( szczeg\u00f3lnie polecana do stawiania pojedy\u0144czych \u015bcian wewn\u0119trznych). Ceg\u0142\u0119 z powodzeniem mo\u017cna ci\u0105\u0107 na p\u0142ytki. PALISADA KORA SOSNOWA OGRODOWA \u2013nasza kora jest w pe\u0142ni czysta, zdrowa i \u017cywego koloru. Produkowane wy\u0142\u0105cznie z naturalnych, przyjaznych dla \u015brodowiska \u017ar\u00f3de\u0142 odnawialnych. W ogrodnictwie, kora ma wielorakie zastosowania. Nadaje si\u0119 jako \u015bcio\u0142ka gl\u0119by wok\u00f3\u0142 drzewek, krzew\u00f3w oraz innych ro\u015blin w ogrodzie. Utrzymuje ona odpowiedni\u0105 wilgotno\u015b\u0107 pod\u0142o\u017ca. \u015acio\u0142kowanie gleby, powoduje lepsz\u0105 struktur\u0119 i zapobiega erozji gleby. Potrafimy tworzy\u0107 z kory pi\u0119kne kompozycje. Bardzo estetycznie wygl\u0105da w po\u0142\u0105czeniu z zieleni\u0105 roslin, idealnie odbija na tle trawnik\u00f3w i kamieni \u017cwirowych. Jaki jest najlepszy naturalny chocho\u0142?-istnieje wiele naturalnych \u015bci\u00f3\u0142ek, \u015bci\u00f3\u0142ka z mi\u0119kkiego i twardego drewna, sosna s\u0142oma, stare siano. Mi\u0119kki upadek kora na place zabaw: Wykonane z uko\u015bnik\u00f3w cz\u0105stek kory sosnowej mi\u0119dzy 5 a 12 mm wielko\u015bci. Jest to dobry materia\u0142 absorbuj\u0105cy uderzenia, \u017ce jest idealny na powierzchnie plac\u00f3w zabaw. Zgodno\u015b\u0107 z obecnym UE (Australian Standard AS4422) Szeroko stosowane przez rady i szk\u00f3\u0142 dla plac\u00f3w zabaw Zapewnia amortyzacj\u0119 bazy, kt\u00f3re mog\u0105 pom\u00f3c zapobiec zranienie w razie upadku Pomija chwastowanie na placach zabaw Wymagana g\u0142\u0119boko\u015b\u0107 monta\u017cu na placach zabaw jest 250 do 300 mm Plac Zabaw kory 10\/50 estetyczny, masywny produkt, jest czerwono-br\u0105zowy, z praktycznie oczyszczonych py\u0142\u00f3w i drobnych cz\u0105stek. Jest on zgodny z norm\u0105 bezpiecze\u0144stwa bran\u017cowego i posiada wysok\u0105 odporno\u015b\u0107 ogniow\u0105. Ozdobne Mulch Kora: nadaje si\u0119 do szerokiej gamy profesjonalnych i domowych zastosowa\u0144 krajobrazu, w tym presti\u017cowych miejsc, parking\u00f3w, supermarket\u00f3w, park\u00f3w biznesowych, wanien i skrzynek balkonowych. Szczeg\u00f3lnie skuteczna, gdy wymagane jest wysokiej jako\u015bci dekoracyjne wyko\u0144czenie. Jak obliczy\u0107 ilo\u015b\u0107 potrzebnej \u015acio\u0142kiAby okre\u015bli\u0107 ile metr\u00f3w sze\u015bciennych \u015bci\u00f3\u0142ki jest potrzebna, trzeba obliczy\u0107 powierzchni\u0119 i po\u017c\u0105dan\u0105 g\u0142\u0119boko\u015b\u0107 zasi\u0119gu. Istnieje 8,35 metr\u00f3w sze\u015bciennych na metr sze\u015bcienny. Jeden metr sze\u015bcienny obejmie 30,1 metr\u00f3w kwadratowych powierzchni na centymetr chocho\u0142u. Znaj\u0105c metry kwadratowe swojego po\u0142o\u017ca, to razy szeroko\u015b\u0107 d\u0142ugo\u015b\u0107 kwadratowych lub prostok\u0105tnych kszta\u0142t\u00f3w po\u0142o\u017ca. Metr kwadratowy w okr\u0105g\u0142ym po\u0142o\u017cu to odleg\u0142o\u015b\u0107 od \u015brodka ko\u0142a na zewn\u0105trz, pomno\u017cone przez siebie a nast\u0119pnie pomno\u017cy\u0107 przez pi (czyli 3.14). \u015aci\u00f3\u0142ka z kory gospodarczej jest mieszanin\u0105 ca\u0142ego produktu drzewa i kory drzew iglastych. Wielko\u015b\u0107 cz\u0105stek wynosi ok. 1-35 mm. Kora gospodarcza jest ta\u0144sza ni\u017c \u015bcio\u0142ka Premium. Idealna dla du\u017cych obszar\u00f3w. Wielko\u015b\u0107 \u0142adunku Pokrycie @ 10cm grubo\u015bci @ 15cm grubo\u015bci @ 20cm grubo\u015bci 1.4 metr\u00f3w sze\u015bciennych 14 metr\u00f3w kwadratowych 10.5 metr\u00f3w kwadratowych 7 metr\u00f3w kwadratowych 2.8 metr\u00f3w sze\u015bciennych 28 metr\u00f3w kwadratowych 21 metr\u00f3w kwadratowych 14 metr\u00f3w kwadratowych 5.6 metr\u00f3w sze\u015bciennych 56 metr\u00f3w kwadratowych 42 [&hellip;]<\/p>\n","protected":false},"author":1,"featured_media":0,"parent":0,"menu_order":0,"comment_status":"open","ping_status":"open","template":"","meta":{"footnotes":""},"class_list":["post-1691","page","type-page","status-publish","hentry"],"_links":{"self":[{"href":"https:\/\/mcottis.com\/index.php?rest_route=\/wp\/v2\/pages\/1691","targetHints":{"allow":["GET"]}}],"collection":[{"href":"https:\/\/mcottis.com\/index.php?rest_route=\/wp\/v2\/pages"}],"about":[{"href":"https:\/\/mcottis.com\/index.php?rest_route=\/wp\/v2\/types\/page"}],"author":[{"embeddable":true,"href":"https:\/\/mcottis.com\/index.php?rest_route=\/wp\/v2\/users\/1"}],"replies":[{"embeddable":true,"href":"https:\/\/mcottis.com\/index.php?rest_route=%2Fwp%2Fv2%2Fcomments&post=1691"}],"version-history":[{"count":5,"href":"https:\/\/mcottis.com\/index.php?rest_route=\/wp\/v2\/pages\/1691\/revisions"}],"predecessor-version":[{"id":1787,"href":"https:\/\/mcottis.com\/index.php?rest_route=\/wp\/v2\/pages\/1691\/revisions\/1787"}],"wp:attachment":[{"href":"https:\/\/mcottis.com\/index.php?rest_route=%2Fwp%2Fv2%2Fmedia&parent=1691"}],"curies":[{"name":"wp","href":"https:\/\/api.w.org\/{rel}","templated":true}]}}